{"id":7953,"date":"2025-06-20T22:52:35","date_gmt":"2025-06-20T20:52:35","guid":{"rendered":"https:\/\/alinavelica.com\/trattamenti-efficaci-per-il-viso\/"},"modified":"2026-04-01T00:15:42","modified_gmt":"2026-03-31T22:15:42","slug":"trattamenti-efficaci-per-il-viso","status":"publish","type":"page","link":"https:\/\/alinavelica.com\/it\/trattamenti-efficaci-per-il-viso\/","title":{"rendered":"Trattamento viso"},"content":{"rendered":"\n<div class=\"wp-block-cover alignfull is-light\" style=\"min-height:700px;aspect-ratio:unset;\"><video class=\"wp-block-cover__video-background intrinsic-ignore\" autoplay muted loop playsinline src=\"https:\/\/alinavelica.com\/wp-content\/uploads\/2025\/06\/Syndeo-Fotos-und-Videos-1-1.mp4\" style=\"object-position:20% 27%\" data-object-fit=\"cover\" data-object-position=\"20% 27%\"><\/video><span aria-hidden=\"true\" class=\"wp-block-cover__background has-background-dim-0 has-background-dim\" style=\"background-color:#FFF\"><\/span><div class=\"wp-block-cover__inner-container is-layout-constrained wp-container-core-cover-is-layout-4383d167 wp-block-cover-is-layout-constrained\">\n<h1 class=\"wp-block-heading alignwide has-text-align-center has-text-color has-link-color wp-elements-59f9ddf5a2394d732a8774cccc6376d0\" style=\"color:#ffffff;font-size:40px;font-style:normal;font-weight:400;text-transform:uppercase\">Trattamenti per il viso<\/h1>\n<\/div><\/div>\n\n<p class=\"has-text-align-center has-black-color has-text-color has-link-color has-small-font-size wp-elements-e519944dd9c2ec8bc2cdba6825f1eb0e\" style=\"font-style:italic;font-weight:700\"><strong>Il nostro medico cosmetologo offrir\u00e0 trattamenti di mesoterapia sotto la supervisione del nostro medico generico collaboratore, il Dr. Alexander S.<\/strong><\/p>\n\n<div class=\"wp-block-group alignwide is-layout-constrained wp-container-core-group-is-layout-3dead192 wp-block-group-is-layout-constrained\" style=\"margin-top:0;margin-bottom:0;padding-top:80px;padding-bottom:80px\"><div class=\"wp-block-group__inner-container\">\n<div class=\"wp-block-columns alignwide is-layout-flex wp-container-core-columns-is-layout-9cf8123d wp-block-columns-is-layout-flex\">\n<div class=\"wp-block-column is-layout-flow wp-block-column-is-layout-flow\">\n<figure class=\"wp-block-image size-large\"><img fetchpriority=\"high\" decoding=\"async\" width=\"1024\" height=\"1024\" src=\"https:\/\/alinavelica.com\/wp-content\/uploads\/2025\/04\/2022-03-28-14.14.00-2803889025258840795_7379304914-1024x1024.jpg\" alt=\"Hydrafacial zurich\" class=\"wp-image-7157\" style=\"aspect-ratio:1;object-fit:cover\" srcset=\"https:\/\/alinavelica.com\/wp-content\/uploads\/2025\/04\/2022-03-28-14.14.00-2803889025258840795_7379304914-1024x1024.jpg 1024w, https:\/\/alinavelica.com\/wp-content\/uploads\/2025\/04\/2022-03-28-14.14.00-2803889025258840795_7379304914-300x300.jpg 300w, https:\/\/alinavelica.com\/wp-content\/uploads\/2025\/04\/2022-03-28-14.14.00-2803889025258840795_7379304914-150x150.jpg 150w, https:\/\/alinavelica.com\/wp-content\/uploads\/2025\/04\/2022-03-28-14.14.00-2803889025258840795_7379304914-768x768.jpg 768w, https:\/\/alinavelica.com\/wp-content\/uploads\/2025\/04\/2022-03-28-14.14.00-2803889025258840795_7379304914-600x600.jpg 600w, https:\/\/alinavelica.com\/wp-content\/uploads\/2025\/04\/2022-03-28-14.14.00-2803889025258840795_7379304914-100x100.jpg 100w, https:\/\/alinavelica.com\/wp-content\/uploads\/2025\/04\/2022-03-28-14.14.00-2803889025258840795_7379304914.jpg 1080w\" sizes=\"(max-width: 1024px) 100vw, 1024px\" \/><\/figure>\n<\/div>\n\n\n\n<div class=\"wp-block-column is-vertically-aligned-center is-layout-flow wp-block-column-is-layout-flow\" style=\"padding-left:15px\">\n<h2 class=\"wp-block-heading has-text-color has-link-color has-cormorant-font-family wp-elements-04c84750c1f86a78245d5f82e330d933\" style=\"color:#141e31;font-size:27px;font-style:normal;font-weight:500;line-height:0.7\">Hydrafacial  <\/h2>\n\n\n\n<p>Syndeo &#8211; Il tuo trattamento viso a Zurigo<\/p>\n\n\n\n<p class=\"has-text-color has-link-color has-mulish-font-family wp-elements-baf888ae133d217b2fc669514da3dd04\" style=\"color:#3f3f3f;font-size:18px;font-style:normal;font-weight:400\">Prova il massimo del ringiovanimento della pelle con il nostro Hydrafacial Syndeo. Questo trattamento all&#8217;avanguardia combina pulizia, esfoliazione e idratazione in un&#8217;unica lussuosa sessione. La nostra tecnologia avanzata, studiata su misura per le esigenze della tua pelle, offre risultati immediati, lasciando la tua pelle rinfrescata e luminosa. Sia che tu scelga l&#8217;opzione Pure, Premium o Signature, potrai godere di un&#8217;esperienza personalizzata che si rivolge ai tuoi problemi specifici, compreso il massaggio alla testa e la cura successiva. Di&#8217; addio alla pelle spenta e dai il benvenuto a una carnagione radiosa, ancora di pi\u00f9 dopo il trattamento Premium o quello Signature, poich\u00e9 viene aggiunto un cocktail di vitamine che ti delizier\u00e0! Prenota oggi stesso il tuo Hydrafacial Syndeo e scopri la magia di una pelle impeccabile.     <\/p>\n\n\n\n<div class=\"wp-block-buttons alignwide is-content-justification-left is-nowrap is-layout-flex wp-container-core-buttons-is-layout-92e17da2 wp-block-buttons-is-layout-flex\">\n<div class=\"wp-block-button has-custom-width wp-block-button__width-100\"><a class=\"wp-block-button__link has-black-background-color has-text-color has-background has-link-color has-mulish-font-family has-custom-font-size wp-element-button\" href=\"#onlinebookings\" style=\"border-radius:0px;color:#ffffff;padding-top:10px;padding-right:0px;padding-bottom:10px;padding-left:0px;font-size:16px;text-transform:uppercase\">Prenota il tuo splendore<\/a><\/div>\n<\/div>\n<\/div>\n<\/div>\n\n\n\n<div class=\"wp-block-columns alignwide is-layout-flex wp-container-core-columns-is-layout-41d75851 wp-block-columns-is-layout-flex\" style=\"padding-top:80px;padding-bottom:80px\">\n<div class=\"wp-block-column is-layout-flow wp-block-column-is-layout-flow\">\n<figure class=\"wp-block-image size-large\"><img decoding=\"async\" width=\"779\" height=\"1024\" src=\"https:\/\/alinavelica.com\/wp-content\/uploads\/2026\/03\/facial-treatments-779x1024.webp\" alt=\"biorepeel CI3\" class=\"wp-image-9715\" style=\"aspect-ratio:1;object-fit:cover\" srcset=\"https:\/\/alinavelica.com\/wp-content\/uploads\/2026\/03\/facial-treatments-779x1024.webp 779w, https:\/\/alinavelica.com\/wp-content\/uploads\/2026\/03\/facial-treatments-228x300.webp 228w, https:\/\/alinavelica.com\/wp-content\/uploads\/2026\/03\/facial-treatments-768x1010.webp 768w, https:\/\/alinavelica.com\/wp-content\/uploads\/2026\/03\/facial-treatments-1169x1536.webp 1169w, https:\/\/alinavelica.com\/wp-content\/uploads\/2026\/03\/facial-treatments-1558x2048.webp 1558w, https:\/\/alinavelica.com\/wp-content\/uploads\/2026\/03\/facial-treatments-1320x1735.webp 1320w, https:\/\/alinavelica.com\/wp-content\/uploads\/2026\/03\/facial-treatments-600x789.webp 600w\" sizes=\"(max-width: 779px) 100vw, 779px\" \/><\/figure>\n<\/div>\n\n\n\n<div class=\"wp-block-column is-vertically-aligned-center is-layout-flow wp-block-column-is-layout-flow\" style=\"padding-left:15px\">\n<h2 class=\"wp-block-heading has-text-color has-link-color has-cormorant-font-family wp-elements-497bbac888ce55604596c594a01f50b2\" style=\"color:#141e31;font-size:27px;font-style:normal;font-weight:500;line-height:0.7\">Biorepeel CI3<\/h2>\n\n\n\n<p class=\"has-text-color has-link-color has-mulish-font-family wp-elements-db0f3bde2317861907d6789cd2da69e1\" style=\"color:#3f3f3f;font-size:18px;font-style:normal;font-weight:400\">Scopri il segreto di una pelle giovane con il nostro trattamento BioRePeel CI3. Questo innovativo peeling combina potenti ingredienti per esfoliare, rivitalizzare e stimolare la produzione di collagene. Perfetto per tutti i tipi di pelle, BioRePeel CI3 aiuta a ridurre le linee sottili, la texture irregolare e i segni del tempo. I tempi di inattivit\u00e0 sono minimi e i risultati massimi grazie alla personalizzazione del trattamento da parte del nostro esperto cosmetologo in base alle esigenze della tua pelle. Di&#8217; addio alla pelle stanca e spenta e dai il benvenuto a un colorito fresco e vibrante! Concediti Biorepeel CI3 e riscopri la bellezza naturale della tua pelle.     <\/p>\n\n\n\n<div class=\"wp-block-buttons alignwide is-nowrap is-layout-flex wp-container-core-buttons-is-layout-6c531013 wp-block-buttons-is-layout-flex\">\n<div class=\"wp-block-button\"><a class=\"wp-block-button__link has-black-background-color has-text-color has-background has-link-color has-mulish-font-family has-custom-font-size wp-element-button\" href=\"#onlinebookings\" style=\"border-radius:0px;color:#ffffff;padding-top:10px;padding-right:30px;padding-bottom:10px;padding-left:30px;font-size:16px;text-transform:uppercase\">Rivela la tua radiosit\u00e0<\/a><\/div>\n<\/div>\n<\/div>\n<\/div>\n\n\n\n<div class=\"wp-block-columns alignwide is-layout-flex wp-container-core-columns-is-layout-9cf8123d wp-block-columns-is-layout-flex\">\n<div class=\"wp-block-column is-layout-flow wp-block-column-is-layout-flow\">\n<figure class=\"wp-block-image size-full\"><img decoding=\"async\" width=\"1080\" height=\"1080\" src=\"https:\/\/alinavelica.com\/wp-content\/uploads\/2025\/05\/IMG_6963.jpg\" alt=\"PRX T-33\" class=\"wp-image-7235\" style=\"aspect-ratio:1;object-fit:cover\" srcset=\"https:\/\/alinavelica.com\/wp-content\/uploads\/2025\/05\/IMG_6963.jpg 1080w, https:\/\/alinavelica.com\/wp-content\/uploads\/2025\/05\/IMG_6963-300x300.jpg 300w, https:\/\/alinavelica.com\/wp-content\/uploads\/2025\/05\/IMG_6963-1024x1024.jpg 1024w, https:\/\/alinavelica.com\/wp-content\/uploads\/2025\/05\/IMG_6963-150x150.jpg 150w, https:\/\/alinavelica.com\/wp-content\/uploads\/2025\/05\/IMG_6963-768x768.jpg 768w, https:\/\/alinavelica.com\/wp-content\/uploads\/2025\/05\/IMG_6963-600x600.jpg 600w, https:\/\/alinavelica.com\/wp-content\/uploads\/2025\/05\/IMG_6963-100x100.jpg 100w\" sizes=\"(max-width: 1080px) 100vw, 1080px\" \/><\/figure>\n<\/div>\n\n\n\n<div class=\"wp-block-column is-vertically-aligned-center is-layout-flow wp-block-column-is-layout-flow\" style=\"padding-left:15px\">\n<h2 class=\"wp-block-heading has-text-color has-link-color has-cormorant-font-family wp-elements-dfed1a69a46dfb3f9d39938cc60f623a\" style=\"color:#141e31;font-size:27px;font-style:normal;font-weight:500;line-height:0.7\">PRX T-33<\/h2>\n\n\n\n<p>Biorivitalizzazione<\/p>\n\n\n\n<p class=\"has-text-color has-link-color has-mulish-font-family wp-elements-8b12a12904029593011847a19e13418e\" style=\"color:#3f3f3f;font-size:18px;font-style:normal;font-weight:400\">Rivitalizza la tua pelle con il nostro trattamento di biorivitalizzazione PRX. Questa procedura innovativa idrata e ringiovanisce profondamente senza bisogno di aghi. Grazie a una miscela unica di ingredienti attivi, il PRX stimola la produzione di collagene ed elastina, lasciando la tua pelle turgida e giovane. \u00c8 perfetto per combattere le linee sottili, i cedimenti della pelle e il grigiore generale. Il nostro esperto cosmetologo valuter\u00e0 la tua pelle e personalizzer\u00e0 il trattamento in base alle tue esigenze specifiche. Goditi i risultati immediati senza tempi di inattivit\u00e0 ed esci con un bagliore fresco e luminoso. Prova la magia della biorivitalizzazione PRX oggi stesso!      <\/p>\n\n\n\n<div class=\"wp-block-buttons alignfull is-layout-flex wp-block-buttons-is-layout-flex\">\n<div class=\"wp-block-button has-custom-width wp-block-button__width-100\"><a class=\"wp-block-button__link has-black-background-color has-text-color has-background has-link-color has-mulish-font-family has-custom-font-size wp-element-button\" href=\"#onlinebookings\" style=\"border-radius:0px;color:#ffffff;padding-top:10px;padding-right:0px;padding-bottom:10px;padding-left:0px;font-size:16px;text-transform:uppercase\">Ringiovanisci la tua pelle<\/a><\/div>\n<\/div>\n<\/div>\n<\/div>\n\n\n\n<div class=\"wp-block-columns alignwide is-layout-flex wp-container-core-columns-is-layout-41d75851 wp-block-columns-is-layout-flex\" style=\"padding-top:80px;padding-bottom:80px\">\n<div class=\"wp-block-column is-layout-flow wp-block-column-is-layout-flow\">\n<figure class=\"wp-block-image size-full\"><img loading=\"lazy\" decoding=\"async\" width=\"960\" height=\"960\" src=\"https:\/\/alinavelica.com\/wp-content\/uploads\/2025\/05\/IMG_7006.jpg\" alt=\"Mesoterapia Zurigo\" class=\"wp-image-7254\" style=\"aspect-ratio:1;object-fit:cover\" srcset=\"https:\/\/alinavelica.com\/wp-content\/uploads\/2025\/05\/IMG_7006.jpg 960w, https:\/\/alinavelica.com\/wp-content\/uploads\/2025\/05\/IMG_7006-300x300.jpg 300w, https:\/\/alinavelica.com\/wp-content\/uploads\/2025\/05\/IMG_7006-150x150.jpg 150w, https:\/\/alinavelica.com\/wp-content\/uploads\/2025\/05\/IMG_7006-768x768.jpg 768w, https:\/\/alinavelica.com\/wp-content\/uploads\/2025\/05\/IMG_7006-600x600.jpg 600w, https:\/\/alinavelica.com\/wp-content\/uploads\/2025\/05\/IMG_7006-100x100.jpg 100w\" sizes=\"(max-width: 960px) 100vw, 960px\" \/><\/figure>\n<\/div>\n\n\n\n<div class=\"wp-block-column is-vertically-aligned-center is-layout-flow wp-block-column-is-layout-flow\" style=\"padding-left:15px\">\n<h2 class=\"wp-block-heading has-text-color has-link-color has-cormorant-font-family wp-elements-6286054a41080e0493fb380eb1075a75\" style=\"color:#141e31;font-size:27px;font-style:normal;font-weight:500;line-height:0.7\">Mesoterapia  <\/h2>\n\n\n\n<p>Trattamento<\/p>\n\n\n\n<p class=\"has-text-color has-link-color has-mulish-font-family wp-elements-f0b4f3f0a4e8cf9631f8300cd88b83ec\" style=\"color:#3f3f3f;font-size:18px;font-style:normal;font-weight:400\">Trasforma la tua pelle con il nostro trattamento di mesoterapia, un metodo unico che fornisce vitamine, minerali e aminoacidi direttamente alla pelle. Questa tecnica non chirurgica rivitalizza e idrata, migliorando la tua carnagione dall&#8217;interno. Ideale per affrontare linee sottili, cedimenti e tono della pelle non uniforme, il nostro esperto cosmetologo personalizzer\u00e0 la miscela per soddisfare le esigenze specifiche della tua pelle. Sperimenta un aumento di luminosit\u00e0 e compattezza con tempi di inattivit\u00e0 minimi. Di&#8217; addio a una pelle stanca e poco luminosa e dai il benvenuto a un colorito fresco e giovanile. Scopri presto le meraviglie della mesoterapia nel nostro centro estetico di Zurigo!     <\/p>\n\n\n\n<div class=\"wp-block-buttons alignwide is-nowrap is-layout-flex wp-container-core-buttons-is-layout-6c531013 wp-block-buttons-is-layout-flex\">\n<div class=\"wp-block-button has-custom-width wp-block-button__width-100\"><a class=\"wp-block-button__link has-black-background-color has-text-color has-background has-link-color has-mulish-font-family has-custom-font-size wp-element-button\" href=\"#onlinebookings\" style=\"border-radius:0px;color:#ffffff;padding-top:10px;padding-right:0px;padding-bottom:10px;padding-left:0px;font-size:16px;text-transform:uppercase\">Nutri il tuo splendore<\/a><\/div>\n<\/div>\n<\/div>\n<\/div>\n\n\n\n<div class=\"wp-block-columns alignwide is-layout-flex wp-container-core-columns-is-layout-9cf8123d wp-block-columns-is-layout-flex\">\n<div class=\"wp-block-column is-layout-flow wp-block-column-is-layout-flow\">\n<figure class=\"wp-block-image size-full\"><img loading=\"lazy\" decoding=\"async\" width=\"1600\" height=\"1233\" src=\"https:\/\/alinavelica.com\/wp-content\/uploads\/2025\/05\/IMG_7007.jpg\" alt=\"Microneedling a Zurigo\" class=\"wp-image-7260\" style=\"aspect-ratio:1;object-fit:cover\" srcset=\"https:\/\/alinavelica.com\/wp-content\/uploads\/2025\/05\/IMG_7007.jpg 1600w, https:\/\/alinavelica.com\/wp-content\/uploads\/2025\/05\/IMG_7007-300x231.jpg 300w, https:\/\/alinavelica.com\/wp-content\/uploads\/2025\/05\/IMG_7007-1024x789.jpg 1024w, https:\/\/alinavelica.com\/wp-content\/uploads\/2025\/05\/IMG_7007-768x592.jpg 768w, https:\/\/alinavelica.com\/wp-content\/uploads\/2025\/05\/IMG_7007-1536x1184.jpg 1536w, https:\/\/alinavelica.com\/wp-content\/uploads\/2025\/05\/IMG_7007-2048x1579.jpg 2048w, https:\/\/alinavelica.com\/wp-content\/uploads\/2025\/05\/IMG_7007-1320x1017.jpg 1320w, https:\/\/alinavelica.com\/wp-content\/uploads\/2025\/05\/IMG_7007-600x462.jpg 600w\" sizes=\"(max-width: 1600px) 100vw, 1600px\" \/><\/figure>\n<\/div>\n\n\n\n<div class=\"wp-block-column is-vertically-aligned-center is-layout-flow wp-block-column-is-layout-flow\" style=\"padding-left:15px\">\n<h2 class=\"wp-block-heading has-text-color has-link-color has-cormorant-font-family wp-elements-bc6dc374def6f2f741d5e1848e7a6da5\" style=\"color:#141e31;font-size:27px;font-style:normal;font-weight:500;line-height:0.7\">Microneedling  <\/h2>\n\n\n\n<p>Terapia<\/p>\n\n\n\n<p class=\"has-text-color has-link-color has-mulish-font-family wp-elements-bed9c071bce3e695fc5d8ed6ee0a5be0\" style=\"color:#3f3f3f;font-size:18px;font-style:normal;font-weight:400\">Ravviva la tua pelle con la nostra Terapia di Microneedling, un potente trattamento che stimola la produzione di collagene e migliora la texture della pelle. Utilizzando aghi sottili, creiamo delle microlesioni che spingono la pelle a guarire da sola, ottenendo una carnagione pi\u00f9 liscia e compatta. Ideale per ridurre le cicatrici, le linee sottili e i pori dilatati, questo trattamento viene creato su misura per te dal nostro esperto cosmetologo. I tempi di inattivit\u00e0 sono minimi e i risultati impressionanti: la tua pelle diventer\u00e0 pi\u00f9 radiosa nel tempo. Saluta la giovinezza e la salute della pelle con la nostra Terapia di Microneedling!    <\/p>\n\n\n\n<div class=\"wp-block-buttons alignwide is-nowrap is-layout-flex wp-container-core-buttons-is-layout-6c531013 wp-block-buttons-is-layout-flex\">\n<div class=\"wp-block-button has-custom-width wp-block-button__width-100\"><a class=\"wp-block-button__link has-black-background-color has-text-color has-background has-link-color has-mulish-font-family has-custom-font-size wp-element-button\" href=\"#onlinebookings\" style=\"border-radius:0px;color:#ffffff;padding-top:10px;padding-right:0px;padding-bottom:10px;padding-left:0px;font-size:16px;text-transform:uppercase\">Migliora la tua pelle<\/a><\/div>\n<\/div>\n<\/div>\n<\/div>\n\n\n\n<div class=\"wp-block-columns alignwide is-layout-flex wp-container-core-columns-is-layout-3fe1720b wp-block-columns-is-layout-flex\" style=\"padding-top:80px;padding-bottom:0px\">\n<div class=\"wp-block-column is-layout-flow wp-block-column-is-layout-flow\">\n<figure class=\"wp-block-image size-full\"><img loading=\"lazy\" decoding=\"async\" width=\"626\" height=\"417\" src=\"https:\/\/alinavelica.com\/wp-content\/uploads\/2025\/05\/IMG_7010.webp\" alt=\"Lifting linfatico del viso Zurigo\" class=\"wp-image-7263\" style=\"aspect-ratio:1;object-fit:cover\" srcset=\"https:\/\/alinavelica.com\/wp-content\/uploads\/2025\/05\/IMG_7010.webp 626w, https:\/\/alinavelica.com\/wp-content\/uploads\/2025\/05\/IMG_7010-300x200.webp 300w, https:\/\/alinavelica.com\/wp-content\/uploads\/2025\/05\/IMG_7010-600x400.webp 600w\" sizes=\"(max-width: 626px) 100vw, 626px\" \/><\/figure>\n<\/div>\n\n\n\n<div class=\"wp-block-column is-vertically-aligned-center is-layout-flow wp-block-column-is-layout-flow\" style=\"padding-left:15px\">\n<h2 class=\"wp-block-heading has-text-color has-link-color has-cormorant-font-family wp-elements-e37d8cbe58931df71889ee7c903e8a08\" style=\"color:#141e31;font-size:27px;font-style:normal;font-weight:500;line-height:1.2\">Lifting linfatico del viso<\/h2>\n\n\n\n<p>  Massaggio<\/p>\n\n\n\n<p class=\"has-text-color has-link-color has-mulish-font-family wp-elements-5749dfa7efe7ef9f59f6a963584d05ea\" style=\"color:#3f3f3f;font-size:18px;font-style:normal;font-weight:400\">Concediti il nostro Massaggio Linfatico del Viso, un trattamento delicato ma efficace progettato per disintossicare e ringiovanire la tua pelle. Questo massaggio rilassante stimola il drenaggio linfatico, riducendo le borse e favorendo una carnagione pi\u00f9 luminosa. La nostra esperta cosmetologa utilizza tecniche specializzate per migliorare la circolazione e alleviare la tensione, lasciandoti una sensazione di freschezza e rivitalizzazione. Perfetto per tutti i tipi di pelle, questo trattamento migliora la tua luminosit\u00e0 naturale e promuove la salute generale della pelle. Concediti una sessione di coccole che unisce relax e bellezza. Prova i benefici del Massaggio Linfatico del Viso oggi stesso!     <\/p>\n\n\n\n<div class=\"wp-block-buttons alignwide is-nowrap is-layout-flex wp-container-core-buttons-is-layout-6c531013 wp-block-buttons-is-layout-flex\">\n<div class=\"wp-block-button has-custom-width wp-block-button__width-100\"><a class=\"wp-block-button__link has-black-background-color has-text-color has-background has-link-color has-mulish-font-family has-custom-font-size wp-element-button\" href=\"#onlinebookings\" style=\"border-radius:0px;color:#ffffff;padding-top:10px;padding-right:0px;padding-bottom:10px;padding-left:0px;font-size:16px;text-transform:uppercase\">Rilassati e ringiovanisci<\/a><\/div>\n<\/div>\n<\/div>\n<\/div>\n<\/div><\/div>\n\n<div class=\"wp-block-group alignwide is-layout-constrained wp-container-core-group-is-layout-74f51709 wp-block-group-is-layout-constrained\" style=\"padding-right:var(--wp--preset--spacing--40);padding-left:var(--wp--preset--spacing--40)\"><div class=\"wp-block-group__inner-container\"><p>[trustindex no-registration=google]<\/p>\n<\/div><\/div>\n","protected":false},"excerpt":{"rendered":"<p>Il nostro medico cosmetologo offrir\u00e0 trattamenti di mesoterapia sotto la supervisione del nostro medico generico collaboratore, il Dr. Alexander S. Hydrafacial Syndeo &#8211; Il tuo trattamento viso a Zurigo Prova il massimo del ringiovanimento della pelle con il nostro Hydrafacial Syndeo. Questo trattamento all&#8217;avanguardia combina pulizia, esfoliazione e idratazione in un&#8217;unica lussuosa sessione. La nostra [&hellip;]<\/p>\n","protected":false},"author":4,"featured_media":0,"parent":0,"menu_order":0,"comment_status":"closed","ping_status":"closed","template":"","meta":{"_uag_custom_page_level_css":"","site-sidebar-layout":"default","site-content-layout":"","ast-site-content-layout":"default","site-content-style":"default","site-sidebar-style":"default","ast-global-header-display":"","ast-banner-title-visibility":"","ast-main-header-display":"","ast-hfb-above-header-display":"","ast-hfb-below-header-display":"","ast-hfb-mobile-header-display":"","site-post-title":"disabled","ast-breadcrumbs-content":"","ast-featured-img":"","footer-sml-layout":"","ast-disable-related-posts":"","theme-transparent-header-meta":"","adv-header-id-meta":"","stick-header-meta":"","header-above-stick-meta":"","header-main-stick-meta":"","header-below-stick-meta":"","astra-migrate-meta-layouts":"default","ast-page-background-enabled":"default","ast-page-background-meta":{"desktop":{"background-color":"var(--ast-global-color-4)","background-image":"","background-repeat":"repeat","background-position":"center center","background-size":"auto","background-attachment":"scroll","background-type":"","background-media":"","overlay-type":"","overlay-color":"","overlay-opacity":"","overlay-gradient":""},"tablet":{"background-color":"","background-image":"","background-repeat":"repeat","background-position":"center center","background-size":"auto","background-attachment":"scroll","background-type":"","background-media":"","overlay-type":"","overlay-color":"","overlay-opacity":"","overlay-gradient":""},"mobile":{"background-color":"","background-image":"","background-repeat":"repeat","background-position":"center center","background-size":"auto","background-attachment":"scroll","background-type":"","background-media":"","overlay-type":"","overlay-color":"","overlay-opacity":"","overlay-gradient":""}},"ast-content-background-meta":{"desktop":{"background-color":"var(--ast-global-color-5)","background-image":"","background-repeat":"repeat","background-position":"center center","background-size":"auto","background-attachment":"scroll","background-type":"","background-media":"","overlay-type":"","overlay-color":"","overlay-opacity":"","overlay-gradient":""},"tablet":{"background-color":"var(--ast-global-color-5)","background-image":"","background-repeat":"repeat","background-position":"center center","background-size":"auto","background-attachment":"scroll","background-type":"","background-media":"","overlay-type":"","overlay-color":"","overlay-opacity":"","overlay-gradient":""},"mobile":{"background-color":"var(--ast-global-color-5)","background-image":"","background-repeat":"repeat","background-position":"center center","background-size":"auto","background-attachment":"scroll","background-type":"","background-media":"","overlay-type":"","overlay-color":"","overlay-opacity":"","overlay-gradient":""}},"footnotes":""},"class_list":["post-7953","page","type-page","status-publish","hentry"],"uagb_featured_image_src":{"full":false,"thumbnail":false,"medium":false,"medium_large":false,"large":false,"1536x1536":false,"2048x2048":false,"mailpoet_newsletter_max":false,"woocommerce_thumbnail":false,"woocommerce_single":false,"woocommerce_gallery_thumbnail":false},"uagb_author_info":{"display_name":"Alina Velica","author_link":"https:\/\/alinavelica.com\/it\/author\/chicnails-editor\/"},"uagb_comment_info":0,"uagb_excerpt":"Il nostro medico cosmetologo offrir\u00e0 trattamenti di mesoterapia sotto la supervisione del nostro medico generico collaboratore, il Dr. Alexander S. Hydrafacial Syndeo &#8211; Il tuo trattamento viso a Zurigo Prova il massimo del ringiovanimento della pelle con il nostro Hydrafacial Syndeo. Questo trattamento all&#8217;avanguardia combina pulizia, esfoliazione e idratazione in un&#8217;unica lussuosa sessione. La nostra&hellip;","_links":{"self":[{"href":"https:\/\/alinavelica.com\/it\/wp-json\/wp\/v2\/pages\/7953","targetHints":{"allow":["GET"]}}],"collection":[{"href":"https:\/\/alinavelica.com\/it\/wp-json\/wp\/v2\/pages"}],"about":[{"href":"https:\/\/alinavelica.com\/it\/wp-json\/wp\/v2\/types\/page"}],"author":[{"embeddable":true,"href":"https:\/\/alinavelica.com\/it\/wp-json\/wp\/v2\/users\/4"}],"replies":[{"embeddable":true,"href":"https:\/\/alinavelica.com\/it\/wp-json\/wp\/v2\/comments?post=7953"}],"version-history":[{"count":47,"href":"https:\/\/alinavelica.com\/it\/wp-json\/wp\/v2\/pages\/7953\/revisions"}],"predecessor-version":[{"id":10700,"href":"https:\/\/alinavelica.com\/it\/wp-json\/wp\/v2\/pages\/7953\/revisions\/10700"}],"wp:attachment":[{"href":"https:\/\/alinavelica.com\/it\/wp-json\/wp\/v2\/media?parent=7953"}],"curies":[{"name":"wp","href":"https:\/\/api.w.org\/{rel}","templated":true}]}}