{"id":7963,"date":"2025-06-20T22:52:38","date_gmt":"2025-06-20T20:52:38","guid":{"rendered":"https:\/\/alinavelica.com\/traitements-faciaux-efficaces\/"},"modified":"2026-04-01T00:15:42","modified_gmt":"2026-03-31T22:15:42","slug":"traitements-faciaux-efficaces","status":"publish","type":"page","link":"https:\/\/alinavelica.com\/fr\/traitements-faciaux-efficaces\/","title":{"rendered":"Traitement du visage"},"content":{"rendered":"\n<div class=\"wp-block-cover alignfull is-light\" style=\"min-height:700px;aspect-ratio:unset;\"><video class=\"wp-block-cover__video-background intrinsic-ignore\" autoplay muted loop playsinline src=\"https:\/\/alinavelica.com\/wp-content\/uploads\/2025\/06\/Syndeo-Fotos-und-Videos-1-1.mp4\" style=\"object-position:20% 27%\" data-object-fit=\"cover\" data-object-position=\"20% 27%\"><\/video><span aria-hidden=\"true\" class=\"wp-block-cover__background has-background-dim-0 has-background-dim\" style=\"background-color:#FFF\"><\/span><div class=\"wp-block-cover__inner-container is-layout-constrained wp-container-core-cover-is-layout-4383d167 wp-block-cover-is-layout-constrained\">\n<h1 class=\"wp-block-heading alignwide has-text-align-center has-text-color has-link-color wp-elements-dd79f990b8bf3d1ba08a75a1c72ec48d\" style=\"color:#ffffff;font-size:40px;font-style:normal;font-weight:400;text-transform:uppercase\">Traitements faciaux<\/h1>\n<\/div><\/div>\n\n<p class=\"has-text-align-center has-black-color has-text-color has-link-color has-small-font-size wp-elements-f87305189087875552459f2bbefff898\" style=\"font-style:italic;font-weight:700\"><strong>Notre cosm\u00e9tologue m\u00e9dical proposera des traitements de m\u00e9soth\u00e9rapie sous la supervision de notre m\u00e9decin g\u00e9n\u00e9raliste collaborateur, le Dr Alexander S.<\/strong><\/p>\n\n<div class=\"wp-block-group alignwide is-layout-constrained wp-container-core-group-is-layout-3dead192 wp-block-group-is-layout-constrained\" style=\"margin-top:0;margin-bottom:0;padding-top:80px;padding-bottom:80px\"><div class=\"wp-block-group__inner-container\">\n<div class=\"wp-block-columns alignwide is-layout-flex wp-container-core-columns-is-layout-9cf8123d wp-block-columns-is-layout-flex\">\n<div class=\"wp-block-column is-layout-flow wp-block-column-is-layout-flow\">\n<figure class=\"wp-block-image size-large\"><img fetchpriority=\"high\" decoding=\"async\" width=\"1024\" height=\"1024\" src=\"https:\/\/alinavelica.com\/wp-content\/uploads\/2025\/04\/2022-03-28-14.14.00-2803889025258840795_7379304914-1024x1024.jpg\" alt=\"Hydrafacial zurich\" class=\"wp-image-7157\" style=\"aspect-ratio:1;object-fit:cover\" srcset=\"https:\/\/alinavelica.com\/wp-content\/uploads\/2025\/04\/2022-03-28-14.14.00-2803889025258840795_7379304914-1024x1024.jpg 1024w, https:\/\/alinavelica.com\/wp-content\/uploads\/2025\/04\/2022-03-28-14.14.00-2803889025258840795_7379304914-300x300.jpg 300w, https:\/\/alinavelica.com\/wp-content\/uploads\/2025\/04\/2022-03-28-14.14.00-2803889025258840795_7379304914-150x150.jpg 150w, https:\/\/alinavelica.com\/wp-content\/uploads\/2025\/04\/2022-03-28-14.14.00-2803889025258840795_7379304914-768x768.jpg 768w, https:\/\/alinavelica.com\/wp-content\/uploads\/2025\/04\/2022-03-28-14.14.00-2803889025258840795_7379304914-600x600.jpg 600w, https:\/\/alinavelica.com\/wp-content\/uploads\/2025\/04\/2022-03-28-14.14.00-2803889025258840795_7379304914-100x100.jpg 100w, https:\/\/alinavelica.com\/wp-content\/uploads\/2025\/04\/2022-03-28-14.14.00-2803889025258840795_7379304914.jpg 1080w\" sizes=\"(max-width: 1024px) 100vw, 1024px\" \/><\/figure>\n<\/div>\n\n\n\n<div class=\"wp-block-column is-vertically-aligned-center is-layout-flow wp-block-column-is-layout-flow\" style=\"padding-left:15px\">\n<h2 class=\"wp-block-heading has-text-color has-link-color has-cormorant-font-family wp-elements-04c84750c1f86a78245d5f82e330d933\" style=\"color:#141e31;font-size:27px;font-style:normal;font-weight:500;line-height:0.7\">Hydrafacial  <\/h2>\n\n\n\n<p>Syndeo &#8211; Votre traitement du visage \u00e0 Zurich<\/p>\n\n\n\n<p class=\"has-text-color has-link-color has-mulish-font-family wp-elements-fa9359a68323266631e928f854af6c0f\" style=\"color:#3f3f3f;font-size:18px;font-style:normal;font-weight:400\">Faites l&rsquo;exp\u00e9rience du rajeunissement ultime de la peau avec notre Hydrafacial Syndeo. Ce traitement de pointe combine nettoyage, exfoliation et hydratation, le tout en une seule s\u00e9ance luxueuse. Adapt\u00e9e aux besoins uniques de votre peau, notre technologie avanc\u00e9e offre des r\u00e9sultats instantan\u00e9s, laissant votre peau rafra\u00eechie et \u00e9clatante. Que vous choisissiez l&rsquo;option Pure, Premium ou Signature, vous b\u00e9n\u00e9ficierez d&rsquo;une exp\u00e9rience personnalis\u00e9e, ciblant vos pr\u00e9occupations sp\u00e9cifiques, incluant un massage du cr\u00e2ne et des soins de suivi. Dites adieu \u00e0 la peau terne et bonjour \u00e0 un teint radieux, encore plus apr\u00e8s le traitement Premium ou Signature, puisqu&rsquo;un cocktail de vitamines est ajout\u00e9 \u00e0 votre plaisir ! R\u00e9servez d\u00e8s aujourd&rsquo;hui votre Hydrafacial Syndeo et d\u00e9couvrez la magie d&rsquo;une peau sans d\u00e9faut.     <\/p>\n\n\n\n<div class=\"wp-block-buttons alignwide is-content-justification-left is-nowrap is-layout-flex wp-container-core-buttons-is-layout-92e17da2 wp-block-buttons-is-layout-flex\">\n<div class=\"wp-block-button has-custom-width wp-block-button__width-100\"><a class=\"wp-block-button__link has-black-background-color has-text-color has-background has-link-color has-mulish-font-family has-custom-font-size wp-element-button\" href=\"#onlinebookings\" style=\"border-radius:0px;color:#ffffff;padding-top:10px;padding-right:0px;padding-bottom:10px;padding-left:0px;font-size:16px;text-transform:uppercase\">R\u00e9servez votre \u00e9clat<\/a><\/div>\n<\/div>\n<\/div>\n<\/div>\n\n\n\n<div class=\"wp-block-columns alignwide is-layout-flex wp-container-core-columns-is-layout-41d75851 wp-block-columns-is-layout-flex\" style=\"padding-top:80px;padding-bottom:80px\">\n<div class=\"wp-block-column is-layout-flow wp-block-column-is-layout-flow\">\n<figure class=\"wp-block-image size-large\"><img decoding=\"async\" width=\"779\" height=\"1024\" src=\"https:\/\/alinavelica.com\/wp-content\/uploads\/2026\/03\/facial-treatments-779x1024.webp\" alt=\"biorepeel CI3\" class=\"wp-image-9715\" style=\"aspect-ratio:1;object-fit:cover\" srcset=\"https:\/\/alinavelica.com\/wp-content\/uploads\/2026\/03\/facial-treatments-779x1024.webp 779w, https:\/\/alinavelica.com\/wp-content\/uploads\/2026\/03\/facial-treatments-228x300.webp 228w, https:\/\/alinavelica.com\/wp-content\/uploads\/2026\/03\/facial-treatments-768x1010.webp 768w, https:\/\/alinavelica.com\/wp-content\/uploads\/2026\/03\/facial-treatments-1169x1536.webp 1169w, https:\/\/alinavelica.com\/wp-content\/uploads\/2026\/03\/facial-treatments-1558x2048.webp 1558w, https:\/\/alinavelica.com\/wp-content\/uploads\/2026\/03\/facial-treatments-1320x1735.webp 1320w, https:\/\/alinavelica.com\/wp-content\/uploads\/2026\/03\/facial-treatments-600x789.webp 600w\" sizes=\"(max-width: 779px) 100vw, 779px\" \/><\/figure>\n<\/div>\n\n\n\n<div class=\"wp-block-column is-vertically-aligned-center is-layout-flow wp-block-column-is-layout-flow\" style=\"padding-left:15px\">\n<h2 class=\"wp-block-heading has-text-color has-link-color has-cormorant-font-family wp-elements-497bbac888ce55604596c594a01f50b2\" style=\"color:#141e31;font-size:27px;font-style:normal;font-weight:500;line-height:0.7\">Biorepeel CI3<\/h2>\n\n\n\n<p class=\"has-text-color has-link-color has-mulish-font-family wp-elements-d64e4b51d8d1eb14867f8a82a1a05e39\" style=\"color:#3f3f3f;font-size:18px;font-style:normal;font-weight:400\">D\u00e9couvrez le secret d&rsquo;une peau jeune gr\u00e2ce \u00e0 notre traitement BioRePeel CI3. Ce peeling innovant combine des ingr\u00e9dients puissants pour exfolier, revitaliser et stimuler la production de collag\u00e8ne. Parfait pour tous les types de peau, BioRePeel CI3 aide \u00e0 r\u00e9duire les ridules, les irr\u00e9gularit\u00e9s de texture et les signes de vieillissement. Profitez d&rsquo;un temps d&rsquo;arr\u00eat minimal et de r\u00e9sultats optimaux gr\u00e2ce \u00e0 notre cosm\u00e9tologue qualifi\u00e9 qui personnalise le traitement en fonction des besoins uniques de votre peau. Dites adieu \u00e0 la peau fatigu\u00e9e et terne et bonjour \u00e0 un teint frais et \u00e9clatant ! Offrez-vous Biorepeel CI3 et red\u00e9couvrez la beaut\u00e9 naturelle de votre peau.     <\/p>\n\n\n\n<div class=\"wp-block-buttons alignwide is-nowrap is-layout-flex wp-container-core-buttons-is-layout-6c531013 wp-block-buttons-is-layout-flex\">\n<div class=\"wp-block-button\"><a class=\"wp-block-button__link has-black-background-color has-text-color has-background has-link-color has-mulish-font-family has-custom-font-size wp-element-button\" href=\"#onlinebookings\" style=\"border-radius:0px;color:#ffffff;padding-top:10px;padding-right:30px;padding-bottom:10px;padding-left:30px;font-size:16px;text-transform:uppercase\">R\u00e9v\u00e9lez votre \u00e9clat<\/a><\/div>\n<\/div>\n<\/div>\n<\/div>\n\n\n\n<div class=\"wp-block-columns alignwide is-layout-flex wp-container-core-columns-is-layout-9cf8123d wp-block-columns-is-layout-flex\">\n<div class=\"wp-block-column is-layout-flow wp-block-column-is-layout-flow\">\n<figure class=\"wp-block-image size-full\"><img decoding=\"async\" width=\"1080\" height=\"1080\" src=\"https:\/\/alinavelica.com\/wp-content\/uploads\/2025\/05\/IMG_6963.jpg\" alt=\"PRX T-33\" class=\"wp-image-7235\" style=\"aspect-ratio:1;object-fit:cover\" srcset=\"https:\/\/alinavelica.com\/wp-content\/uploads\/2025\/05\/IMG_6963.jpg 1080w, https:\/\/alinavelica.com\/wp-content\/uploads\/2025\/05\/IMG_6963-300x300.jpg 300w, https:\/\/alinavelica.com\/wp-content\/uploads\/2025\/05\/IMG_6963-1024x1024.jpg 1024w, https:\/\/alinavelica.com\/wp-content\/uploads\/2025\/05\/IMG_6963-150x150.jpg 150w, https:\/\/alinavelica.com\/wp-content\/uploads\/2025\/05\/IMG_6963-768x768.jpg 768w, https:\/\/alinavelica.com\/wp-content\/uploads\/2025\/05\/IMG_6963-600x600.jpg 600w, https:\/\/alinavelica.com\/wp-content\/uploads\/2025\/05\/IMG_6963-100x100.jpg 100w\" sizes=\"(max-width: 1080px) 100vw, 1080px\" \/><\/figure>\n<\/div>\n\n\n\n<div class=\"wp-block-column is-vertically-aligned-center is-layout-flow wp-block-column-is-layout-flow\" style=\"padding-left:15px\">\n<h2 class=\"wp-block-heading has-text-color has-link-color has-cormorant-font-family wp-elements-dfed1a69a46dfb3f9d39938cc60f623a\" style=\"color:#141e31;font-size:27px;font-style:normal;font-weight:500;line-height:0.7\">PRX T-33<\/h2>\n\n\n\n<p>Biorevitalisation<\/p>\n\n\n\n<p class=\"has-text-color has-link-color has-mulish-font-family wp-elements-c80ff4e4c1a554c07576d6d3bda1c985\" style=\"color:#3f3f3f;font-size:18px;font-style:normal;font-weight:400\">Revitalisez votre peau avec notre traitement de biorevitalisation PRX. Cette proc\u00e9dure r\u00e9volutionnaire hydrate et rajeunit la peau en profondeur sans avoir recours \u00e0 des aiguilles. Gr\u00e2ce \u00e0 un m\u00e9lange unique d&rsquo;ingr\u00e9dients actifs, le PRX stimule la production de collag\u00e8ne et d&rsquo;\u00e9lastine, laissant votre peau rebondie et jeune. Il est parfait pour lutter contre les ridules, le rel\u00e2chement cutan\u00e9 et l&rsquo;aspect terne de la peau. Notre cosm\u00e9tologue exp\u00e9riment\u00e9 \u00e9valuera votre peau et adaptera le traitement \u00e0 vos besoins sp\u00e9cifiques. Profitez des r\u00e9sultats imm\u00e9diats, sans temps mort, et sortez avec un teint frais et lumineux. D\u00e9couvrez la magie de la biorevitalisation PRX d\u00e8s aujourd&rsquo;hui !      <\/p>\n\n\n\n<div class=\"wp-block-buttons alignfull is-layout-flex wp-block-buttons-is-layout-flex\">\n<div class=\"wp-block-button has-custom-width wp-block-button__width-100\"><a class=\"wp-block-button__link has-black-background-color has-text-color has-background has-link-color has-mulish-font-family has-custom-font-size wp-element-button\" href=\"#onlinebookings\" style=\"border-radius:0px;color:#ffffff;padding-top:10px;padding-right:0px;padding-bottom:10px;padding-left:0px;font-size:16px;text-transform:uppercase\">Rajeunissez votre peau<\/a><\/div>\n<\/div>\n<\/div>\n<\/div>\n\n\n\n<div class=\"wp-block-columns alignwide is-layout-flex wp-container-core-columns-is-layout-41d75851 wp-block-columns-is-layout-flex\" style=\"padding-top:80px;padding-bottom:80px\">\n<div class=\"wp-block-column is-layout-flow wp-block-column-is-layout-flow\">\n<figure class=\"wp-block-image size-full\"><img loading=\"lazy\" decoding=\"async\" width=\"960\" height=\"960\" src=\"https:\/\/alinavelica.com\/wp-content\/uploads\/2025\/05\/IMG_7006.jpg\" alt=\"M&#xE9;soth&#xE9;rapie Zurich\" class=\"wp-image-7254\" style=\"aspect-ratio:1;object-fit:cover\" srcset=\"https:\/\/alinavelica.com\/wp-content\/uploads\/2025\/05\/IMG_7006.jpg 960w, https:\/\/alinavelica.com\/wp-content\/uploads\/2025\/05\/IMG_7006-300x300.jpg 300w, https:\/\/alinavelica.com\/wp-content\/uploads\/2025\/05\/IMG_7006-150x150.jpg 150w, https:\/\/alinavelica.com\/wp-content\/uploads\/2025\/05\/IMG_7006-768x768.jpg 768w, https:\/\/alinavelica.com\/wp-content\/uploads\/2025\/05\/IMG_7006-600x600.jpg 600w, https:\/\/alinavelica.com\/wp-content\/uploads\/2025\/05\/IMG_7006-100x100.jpg 100w\" sizes=\"(max-width: 960px) 100vw, 960px\" \/><\/figure>\n<\/div>\n\n\n\n<div class=\"wp-block-column is-vertically-aligned-center is-layout-flow wp-block-column-is-layout-flow\" style=\"padding-left:15px\">\n<h2 class=\"wp-block-heading has-text-color has-link-color has-cormorant-font-family wp-elements-eadfb71c5d4b1e0794fabe593ca661b3\" style=\"color:#141e31;font-size:27px;font-style:normal;font-weight:500;line-height:0.7\">M\u00e9soth\u00e9rapie  <\/h2>\n\n\n\n<p>Traitement<\/p>\n\n\n\n<p class=\"has-text-color has-link-color has-mulish-font-family wp-elements-e7357c5b458d3f31666d681904dbca9e\" style=\"color:#3f3f3f;font-size:18px;font-style:normal;font-weight:400\">Transformez votre peau gr\u00e2ce \u00e0 notre traitement de m\u00e9soth\u00e9rapie, une m\u00e9thode unique qui d\u00e9livre des vitamines, des min\u00e9raux et des acides amin\u00e9s directement dans la peau. Cette technique non chirurgicale revitalise et hydrate, am\u00e9liorant votre teint de l&rsquo;int\u00e9rieur. Id\u00e9ale pour traiter les ridules, le rel\u00e2chement et le teint in\u00e9gal, notre cosm\u00e9tologue expert personnalisera le m\u00e9lange pour r\u00e9pondre aux besoins sp\u00e9cifiques de votre peau. B\u00e9n\u00e9ficiez d&rsquo;un regain d&rsquo;\u00e9clat et de fermet\u00e9 avec un temps d&rsquo;arr\u00eat minimal. Dites adieu \u00e0 la peau fatigu\u00e9e et terne et bonjour \u00e0 l&rsquo;\u00e9clat de la jeunesse. D\u00e9couvrez bient\u00f4t les merveilles de la m\u00e9soth\u00e9rapie dans notre club de beaut\u00e9 \u00e0 Zurich !     <\/p>\n\n\n\n<div class=\"wp-block-buttons alignwide is-nowrap is-layout-flex wp-container-core-buttons-is-layout-6c531013 wp-block-buttons-is-layout-flex\">\n<div class=\"wp-block-button has-custom-width wp-block-button__width-100\"><a class=\"wp-block-button__link has-black-background-color has-text-color has-background has-link-color has-mulish-font-family has-custom-font-size wp-element-button\" href=\"#onlinebookings\" style=\"border-radius:0px;color:#ffffff;padding-top:10px;padding-right:0px;padding-bottom:10px;padding-left:0px;font-size:16px;text-transform:uppercase\">Nourrissez votre \u00e9clat<\/a><\/div>\n<\/div>\n<\/div>\n<\/div>\n\n\n\n<div class=\"wp-block-columns alignwide is-layout-flex wp-container-core-columns-is-layout-9cf8123d wp-block-columns-is-layout-flex\">\n<div class=\"wp-block-column is-layout-flow wp-block-column-is-layout-flow\">\n<figure class=\"wp-block-image size-full\"><img loading=\"lazy\" decoding=\"async\" width=\"1600\" height=\"1233\" src=\"https:\/\/alinavelica.com\/wp-content\/uploads\/2025\/05\/IMG_7007.jpg\" alt=\"Microneedling &#xE0; Zurich\" class=\"wp-image-7260\" style=\"aspect-ratio:1;object-fit:cover\" srcset=\"https:\/\/alinavelica.com\/wp-content\/uploads\/2025\/05\/IMG_7007.jpg 1600w, https:\/\/alinavelica.com\/wp-content\/uploads\/2025\/05\/IMG_7007-300x231.jpg 300w, https:\/\/alinavelica.com\/wp-content\/uploads\/2025\/05\/IMG_7007-1024x789.jpg 1024w, https:\/\/alinavelica.com\/wp-content\/uploads\/2025\/05\/IMG_7007-768x592.jpg 768w, https:\/\/alinavelica.com\/wp-content\/uploads\/2025\/05\/IMG_7007-1536x1184.jpg 1536w, https:\/\/alinavelica.com\/wp-content\/uploads\/2025\/05\/IMG_7007-2048x1579.jpg 2048w, https:\/\/alinavelica.com\/wp-content\/uploads\/2025\/05\/IMG_7007-1320x1017.jpg 1320w, https:\/\/alinavelica.com\/wp-content\/uploads\/2025\/05\/IMG_7007-600x462.jpg 600w\" sizes=\"(max-width: 1600px) 100vw, 1600px\" \/><\/figure>\n<\/div>\n\n\n\n<div class=\"wp-block-column is-vertically-aligned-center is-layout-flow wp-block-column-is-layout-flow\" style=\"padding-left:15px\">\n<h2 class=\"wp-block-heading has-text-color has-link-color has-cormorant-font-family wp-elements-bc6dc374def6f2f741d5e1848e7a6da5\" style=\"color:#141e31;font-size:27px;font-style:normal;font-weight:500;line-height:0.7\">Microneedling  <\/h2>\n\n\n\n<p>Th\u00e9rapie<\/p>\n\n\n\n<p class=\"has-text-color has-link-color has-mulish-font-family wp-elements-dfe0d48925564d6aefd5e53ceb84c9ff\" style=\"color:#3f3f3f;font-size:18px;font-style:normal;font-weight:400\">Ravivez votre peau gr\u00e2ce \u00e0 la th\u00e9rapie par microneedling, un traitement puissant qui stimule la production de collag\u00e8ne et am\u00e9liore la texture de la peau. \u00c0 l&rsquo;aide de fines aiguilles, nous cr\u00e9ons des microl\u00e9sions qui incitent votre peau \u00e0 s&rsquo;auto-gu\u00e9rir, ce qui donne un teint plus lisse et plus ferme. Id\u00e9al pour r\u00e9duire les cicatrices, les ridules et les pores dilat\u00e9s, ce traitement est adapt\u00e9 \u00e0 vos besoins par notre cosm\u00e9tologue qualifi\u00e9. Le temps d&rsquo;immobilisation est minime et les r\u00e9sultats sont impressionnants, votre peau devenant plus \u00e9clatante au fil du temps. Dites bonjour \u00e0 un \u00e9clat de jeunesse et \u00e0 une meilleure sant\u00e9 de la peau gr\u00e2ce \u00e0 notre th\u00e9rapie par microneedling !    <\/p>\n\n\n\n<div class=\"wp-block-buttons alignwide is-nowrap is-layout-flex wp-container-core-buttons-is-layout-6c531013 wp-block-buttons-is-layout-flex\">\n<div class=\"wp-block-button has-custom-width wp-block-button__width-100\"><a class=\"wp-block-button__link has-black-background-color has-text-color has-background has-link-color has-mulish-font-family has-custom-font-size wp-element-button\" href=\"#onlinebookings\" style=\"border-radius:0px;color:#ffffff;padding-top:10px;padding-right:0px;padding-bottom:10px;padding-left:0px;font-size:16px;text-transform:uppercase\">Am\u00e9liorez votre peau<\/a><\/div>\n<\/div>\n<\/div>\n<\/div>\n\n\n\n<div class=\"wp-block-columns alignwide is-layout-flex wp-container-core-columns-is-layout-3fe1720b wp-block-columns-is-layout-flex\" style=\"padding-top:80px;padding-bottom:0px\">\n<div class=\"wp-block-column is-layout-flow wp-block-column-is-layout-flow\">\n<figure class=\"wp-block-image size-full\"><img loading=\"lazy\" decoding=\"async\" width=\"626\" height=\"417\" src=\"https:\/\/alinavelica.com\/wp-content\/uploads\/2025\/05\/IMG_7010.webp\" alt=\"Lifting lymphatique du visage Zurich\" class=\"wp-image-7263\" style=\"aspect-ratio:1;object-fit:cover\" srcset=\"https:\/\/alinavelica.com\/wp-content\/uploads\/2025\/05\/IMG_7010.webp 626w, https:\/\/alinavelica.com\/wp-content\/uploads\/2025\/05\/IMG_7010-300x200.webp 300w, https:\/\/alinavelica.com\/wp-content\/uploads\/2025\/05\/IMG_7010-600x400.webp 600w\" sizes=\"(max-width: 626px) 100vw, 626px\" \/><\/figure>\n<\/div>\n\n\n\n<div class=\"wp-block-column is-vertically-aligned-center is-layout-flow wp-block-column-is-layout-flow\" style=\"padding-left:15px\">\n<h2 class=\"wp-block-heading has-text-color has-link-color has-cormorant-font-family wp-elements-871d42a4fc2b2152f342b52fe70c6a22\" style=\"color:#141e31;font-size:27px;font-style:normal;font-weight:500;line-height:1.2\">Lifting facial lymphatique<\/h2>\n\n\n\n<p>  Massage<\/p>\n\n\n\n<p class=\"has-text-color has-link-color has-mulish-font-family wp-elements-8bd2843128648dbfd11e1ce9cf736742\" style=\"color:#3f3f3f;font-size:18px;font-style:normal;font-weight:400\">Laissez-vous tenter par le massage lymphatique du visage, un traitement doux mais efficace con\u00e7u pour d\u00e9toxifier et rajeunir votre peau. Ce massage apaisant stimule le drainage lymphatique, r\u00e9duisant les poches et favorisant un teint plus lumineux. Notre cosm\u00e9tologue exp\u00e9riment\u00e9e utilise des techniques sp\u00e9cialis\u00e9es pour am\u00e9liorer la circulation et soulager les tensions, vous laissant une sensation de fra\u00eecheur et de revitalisation. Parfait pour tous les types de peau, ce traitement rehausse votre \u00e9clat naturel tout en favorisant la sant\u00e9 g\u00e9n\u00e9rale de la peau. Offrez-vous une s\u00e9ance de chouchoutage qui allie d\u00e9tente et beaut\u00e9. D\u00e9couvrez les bienfaits du massage facial lymphatique d\u00e8s aujourd&rsquo;hui !     <\/p>\n\n\n\n<div class=\"wp-block-buttons alignwide is-nowrap is-layout-flex wp-container-core-buttons-is-layout-6c531013 wp-block-buttons-is-layout-flex\">\n<div class=\"wp-block-button has-custom-width wp-block-button__width-100\"><a class=\"wp-block-button__link has-black-background-color has-text-color has-background has-link-color has-mulish-font-family has-custom-font-size wp-element-button\" href=\"#onlinebookings\" style=\"border-radius:0px;color:#ffffff;padding-top:10px;padding-right:0px;padding-bottom:10px;padding-left:0px;font-size:16px;text-transform:uppercase\">Se d\u00e9tendre et se ressourcer<\/a><\/div>\n<\/div>\n<\/div>\n<\/div>\n<\/div><\/div>\n\n<div class=\"wp-block-group alignwide is-layout-constrained wp-container-core-group-is-layout-74f51709 wp-block-group-is-layout-constrained\" style=\"padding-right:var(--wp--preset--spacing--40);padding-left:var(--wp--preset--spacing--40)\"><div class=\"wp-block-group__inner-container\"><p>[trustindex no-registration=google]<\/p>\n<\/div><\/div>\n","protected":false},"excerpt":{"rendered":"<p>Notre cosm\u00e9tologue m\u00e9dical proposera des traitements de m\u00e9soth\u00e9rapie sous la supervision de notre m\u00e9decin g\u00e9n\u00e9raliste collaborateur, le Dr Alexander S. Hydrafacial Syndeo &#8211; Votre traitement du visage \u00e0 Zurich Faites l&rsquo;exp\u00e9rience du rajeunissement ultime de la peau avec notre Hydrafacial Syndeo. Ce traitement de pointe combine nettoyage, exfoliation et hydratation, le tout en une seule [&hellip;]<\/p>\n","protected":false},"author":4,"featured_media":0,"parent":0,"menu_order":0,"comment_status":"closed","ping_status":"closed","template":"","meta":{"_uag_custom_page_level_css":"","site-sidebar-layout":"default","site-content-layout":"","ast-site-content-layout":"default","site-content-style":"default","site-sidebar-style":"default","ast-global-header-display":"","ast-banner-title-visibility":"","ast-main-header-display":"","ast-hfb-above-header-display":"","ast-hfb-below-header-display":"","ast-hfb-mobile-header-display":"","site-post-title":"disabled","ast-breadcrumbs-content":"","ast-featured-img":"","footer-sml-layout":"","ast-disable-related-posts":"","theme-transparent-header-meta":"","adv-header-id-meta":"","stick-header-meta":"","header-above-stick-meta":"","header-main-stick-meta":"","header-below-stick-meta":"","astra-migrate-meta-layouts":"default","ast-page-background-enabled":"default","ast-page-background-meta":{"desktop":{"background-color":"var(--ast-global-color-4)","background-image":"","background-repeat":"repeat","background-position":"center center","background-size":"auto","background-attachment":"scroll","background-type":"","background-media":"","overlay-type":"","overlay-color":"","overlay-opacity":"","overlay-gradient":""},"tablet":{"background-color":"","background-image":"","background-repeat":"repeat","background-position":"center center","background-size":"auto","background-attachment":"scroll","background-type":"","background-media":"","overlay-type":"","overlay-color":"","overlay-opacity":"","overlay-gradient":""},"mobile":{"background-color":"","background-image":"","background-repeat":"repeat","background-position":"center center","background-size":"auto","background-attachment":"scroll","background-type":"","background-media":"","overlay-type":"","overlay-color":"","overlay-opacity":"","overlay-gradient":""}},"ast-content-background-meta":{"desktop":{"background-color":"var(--ast-global-color-5)","background-image":"","background-repeat":"repeat","background-position":"center center","background-size":"auto","background-attachment":"scroll","background-type":"","background-media":"","overlay-type":"","overlay-color":"","overlay-opacity":"","overlay-gradient":""},"tablet":{"background-color":"var(--ast-global-color-5)","background-image":"","background-repeat":"repeat","background-position":"center center","background-size":"auto","background-attachment":"scroll","background-type":"","background-media":"","overlay-type":"","overlay-color":"","overlay-opacity":"","overlay-gradient":""},"mobile":{"background-color":"var(--ast-global-color-5)","background-image":"","background-repeat":"repeat","background-position":"center center","background-size":"auto","background-attachment":"scroll","background-type":"","background-media":"","overlay-type":"","overlay-color":"","overlay-opacity":"","overlay-gradient":""}},"footnotes":""},"class_list":["post-7963","page","type-page","status-publish","hentry"],"uagb_featured_image_src":{"full":false,"thumbnail":false,"medium":false,"medium_large":false,"large":false,"1536x1536":false,"2048x2048":false,"mailpoet_newsletter_max":false,"woocommerce_thumbnail":false,"woocommerce_single":false,"woocommerce_gallery_thumbnail":false},"uagb_author_info":{"display_name":"Alina Velica","author_link":"https:\/\/alinavelica.com\/fr\/author\/chicnails-editor\/"},"uagb_comment_info":0,"uagb_excerpt":"Notre cosm\u00e9tologue m\u00e9dical proposera des traitements de m\u00e9soth\u00e9rapie sous la supervision de notre m\u00e9decin g\u00e9n\u00e9raliste collaborateur, le Dr Alexander S. Hydrafacial Syndeo &#8211; Votre traitement du visage \u00e0 Zurich Faites l&rsquo;exp\u00e9rience du rajeunissement ultime de la peau avec notre Hydrafacial Syndeo. Ce traitement de pointe combine nettoyage, exfoliation et hydratation, le tout en une seule\u2026","_links":{"self":[{"href":"https:\/\/alinavelica.com\/fr\/wp-json\/wp\/v2\/pages\/7963","targetHints":{"allow":["GET"]}}],"collection":[{"href":"https:\/\/alinavelica.com\/fr\/wp-json\/wp\/v2\/pages"}],"about":[{"href":"https:\/\/alinavelica.com\/fr\/wp-json\/wp\/v2\/types\/page"}],"author":[{"embeddable":true,"href":"https:\/\/alinavelica.com\/fr\/wp-json\/wp\/v2\/users\/4"}],"replies":[{"embeddable":true,"href":"https:\/\/alinavelica.com\/fr\/wp-json\/wp\/v2\/comments?post=7963"}],"version-history":[{"count":40,"href":"https:\/\/alinavelica.com\/fr\/wp-json\/wp\/v2\/pages\/7963\/revisions"}],"predecessor-version":[{"id":10699,"href":"https:\/\/alinavelica.com\/fr\/wp-json\/wp\/v2\/pages\/7963\/revisions\/10699"}],"wp:attachment":[{"href":"https:\/\/alinavelica.com\/fr\/wp-json\/wp\/v2\/media?parent=7963"}],"curies":[{"name":"wp","href":"https:\/\/api.w.org\/{rel}","templated":true}]}}